{"id":1005564,"date":"2025-04-25T19:09:32","date_gmt":"2025-04-25T19:09:32","guid":{"rendered":"https:\/\/maufl.edu\/escuela-de-negocios-de-grado\/grado-asociado-en-ciencias-en-administracion-de-empresas\/"},"modified":"2026-04-19T19:13:56","modified_gmt":"2026-04-19T19:13:56","slug":"asociado-en-ciencias-en-administracion-de-empresas","status":"publish","type":"page","link":"https:\/\/maufl.edu\/es\/escuela-de-negocios-de-pregrado\/asociado-en-ciencias-en-administracion-de-empresas\/","title":{"rendered":"Asociado en Ciencias en Administraci\u00f3n de Empresas"},"content":{"rendered":"<p>[et_pb_section fb_built=\u00bb1&#8243; admin_label=\u00bbHeader\u00bb _builder_version=\u00bb4.27.4&#8243; _module_preset=\u00bbdefault\u00bb use_background_color_gradient=\u00bbon\u00bb background_color_gradient_stops=\u00bbrgba(255,255,255,0) 0%|#1c3585 100%\u00bb background_color_gradient_overlays_image=\u00bbon\u00bb background_image=\u00bbhttps:\/\/maufl.edu\/wp-content\/uploads\/2025\/12\/Academics.webp\u00bb height=\u00bb300px\u00bb custom_padding=\u00bb10vw||0px||false|false\u00bb locked=\u00bboff\u00bb collapsed=\u00bbon\u00bb global_colors_info=\u00bb{}\u00bb][et_pb_row _builder_version=\u00bb4.27.4&#8243; _module_preset=\u00bbdefault\u00bb max_width=\u00bb1200px\u00bb global_colors_info=\u00bb{}\u00bb][et_pb_column type=\u00bb4_4&#8243; _builder_version=\u00bb4.27.4&#8243; _module_preset=\u00bbdefault\u00bb global_colors_info=\u00bb{}\u00bb][et_pb_text _builder_version=\u00bb4.27.6&#8243; _module_preset=\u00bbdefault\u00bb header_font=\u00bb|700|||||||\u00bb header_text_color=\u00bb#FFFFFF\u00bb header_font_size=\u00bb50px\u00bb custom_margin=\u00bb||||false|false\u00bb custom_margin_tablet=\u00bb80px||||false|false\u00bb custom_margin_phone=\u00bb60px||||false|false\u00bb custom_margin_last_edited=\u00bbon|tablet\u00bb hover_enabled=\u00bb0&#8243; header_font_size_tablet=\u00bb50px\u00bb header_font_size_phone=\u00bb39px\u00bb header_font_size_last_edited=\u00bbon|phone\u00bb global_colors_info=\u00bb{}\u00bb sticky_enabled=\u00bb0&#8243;]<\/p>\n<h1>Asociado en Ciencias en Administraci\u00f3n de Empresas<\/h1>\n<p>[\/et_pb_text][\/et_pb_column][\/et_pb_row][\/et_pb_section][et_pb_section fb_built=\u00bb1&#8243; _builder_version=\u00bb4.27.4&#8243; _module_preset=\u00bbdefault\u00bb background_enable_mask_style=\u00bbon\u00bb background_mask_style=\u00bbdiagonal-bars\u00bb background_mask_color=\u00bb#ffd350&#8243; background_mask_transform=\u00bbinvert|flip_vertical\u00bb custom_padding=\u00bb0px||||false|false\u00bb locked=\u00bboff\u00bb global_colors_info=\u00bb{}\u00bb][et_pb_row _builder_version=\u00bb4.27.4&#8243; _module_preset=\u00bbdefault\u00bb max_width=\u00bb1200px\u00bb global_colors_info=\u00bb{}\u00bb][et_pb_column type=\u00bb4_4&#8243; _builder_version=\u00bb4.27.4&#8243; _module_preset=\u00bbdefault\u00bb global_colors_info=\u00bb{}\u00bb][dsm_breadcrumbs items_bg_color=\u00bbRGBA(255,255,255,0)\u00bb separator_bg_color=\u00bbRGBA(255,255,255,0)\u00bb current_bg_color=\u00bbRGBA(255,255,255,0)\u00bb _builder_version=\u00bb4.27.4&#8243; _module_preset=\u00bbdefault\u00bb items_text_color=\u00bb#1c3585&#8243; home_icon_text_color=\u00bb#1c3585&#8243; separators_text_color=\u00bb#1c3585&#8243; current_text_color=\u00bb#1c3585&#8243; custom_margin=\u00bb0px||||false|false\u00bb custom_padding=\u00bb||50px||false|false\u00bb locked=\u00bboff\u00bb global_colors_info=\u00bb{}\u00bb][\/dsm_breadcrumbs][\/et_pb_column][\/et_pb_row][et_pb_row column_structure=\u00bb2_3,1_3&#8243; _builder_version=\u00bb4.27.4&#8243; _module_preset=\u00bbdefault\u00bb max_width=\u00bb1200px\u00bb global_colors_info=\u00bb{}\u00bb][et_pb_column type=\u00bb2_3&#8243; _builder_version=\u00bb4.27.4&#8243; _module_preset=\u00bbdefault\u00bb global_colors_info=\u00bb{}\u00bb][et_pb_text _builder_version=\u00bb4.27.6&#8243; _module_preset=\u00bbdefault\u00bb header_2_text_color=\u00bb#1c3585&#8243; hover_enabled=\u00bb0&#8243; global_colors_info=\u00bb{}\u00bb sticky_enabled=\u00bb0&#8243;]<\/p>\n<h2>Descripci\u00f3n general del programa<\/h2>\n<p>El <strong>Grado de Asociado en Ciencias en Administraci\u00f3n de Empresas (ASBA)<\/strong> es un programa de 60 cr\u00e9ditos que combina una formaci\u00f3n general de amplia base (24 cr\u00e9ditos) con un n\u00facleo empresarial espec\u00edfico de 36 cr\u00e9ditos. Los cursos de formaci\u00f3n general en ingl\u00e9s, matem\u00e1ticas, psicolog\u00eda, econom\u00eda y ciencias sociales desarrollan el pensamiento cr\u00edtico y las habilidades de comunicaci\u00f3n. Los cursos empresariales profundizan despu\u00e9s en gesti\u00f3n, derecho mercantil, \u00e9tica, recursos humanos, marketing, publicidad y contabilidad, culminando en una credencial que puede utilizar desde el primer d\u00eda.<\/p>\n<p>&nbsp;<\/p>\n<h2>Un T\u00edtulo Pr\u00e1ctico y Orientado a la Carrera Profesional<\/h2>\n<p data-start=\"1958\" data-end=\"2371\">Las organizaciones de cualquier tama\u00f1o necesitan profesionales capaces de analizar datos, comprender a las personas y mantener las operaciones en marcha. Cada clase del ASBA hace hincapi\u00e9 en la aplicaci\u00f3n pr\u00e1ctica para que pueda traducir inmediatamente la teor\u00eda en resultados en el lugar de trabajo. Durante el proceso, perfeccionar\u00e1 las habilidades de resoluci\u00f3n de problemas, trabajo en equipo y toma de decisiones \u00e9ticas que le acompa\u00f1ar\u00e1n a lo largo de su carrera.<\/p>\n<h2><\/h2>\n<h2><\/h2>\n<h2><\/h2>\n<h2>\u00bfA d\u00f3nde puede llevarte un asociado en ciencias en administraci\u00f3n de empresas?<\/h2>\n<p>Los graduados del<strong>\u00a0Asociado en Ciencias en Administraci\u00f3n de Empresas (ASBA)<\/strong> pueden acceder a puestos como:<\/p>\n<ul>\n<li><strong><a href=\"https:\/\/www.bls.gov\/ooh\/management\/advertising-promotions-and-marketing-managers.htm\" target=\"_blank\" rel=\"noopener\">Directores de Publicidad, Promociones y Marketing<\/a><\/strong><\/li>\n<li><strong><a href=\"https:\/\/www.bls.gov\/ooh\/management\/top-executives.htm#tab-4\" target=\"_blank\" rel=\"noopener\">Director Ejecutivo<\/a><\/strong><\/li>\n<li><strong><a href=\"https:\/\/www.bls.gov\/ooh\/business-and-financial\/management-analysts.htm\" target=\"_blank\" rel=\"noopener\">Analistas de gesti\u00f3n<\/a><\/strong><\/li>\n<li><strong><a href=\"https:\/\/www.bls.gov\/ooh\/business-and-financial\/purchasing-managers-buyers-and-purchasing-agents.htm\" target=\"_blank\" rel=\"noopener\">Gerentes de Compras, Compradores y<\/a><\/strong><\/li>\n<li><strong><a href=\"https:\/\/www.bls.gov\/ooh\/business-and-financial\/purchasing-managers-buyers-and-purchasing-agents.htm\" target=\"_blank\" rel=\"noopener\">Agentes de Compras<\/a><\/strong><\/li>\n<li><strong><a href=\"https:\/\/www.bls.gov\/ooh\/management\/sales-managers.htm\" target=\"_blank\" rel=\"noopener\">Gerente de ventas<\/a><\/strong><\/li>\n<li><strong><a href=\"https:\/\/www.onetcodeconnector.org\/ccreport\/11-3071.04\" target=\"_blank\" rel=\"noopener\">Gerentes de la cadena de suministro<\/a><\/strong><\/li>\n<li><strong><a href=\"https:\/\/www.onetcodeconnector.org\/ccreport\/13-1081.02\" target=\"_blank\" rel=\"noopener\">Analistas de log\u00edstica<\/a><\/strong><\/li>\n<\/ul>\n<p>Consulte m\u00e1s informaci\u00f3n en el <a href=\"https:\/\/www.bls.gov\/ooh\/management\/home.htm\" target=\"_blank\" rel=\"noopener\"><strong>Occupational Outlook de la Oficina de Estad\u00edsticas Laborales de EE. UU.<\/strong><\/a><\/p>\n<p>Tanto si planeas incorporarte directamente al mercado laboral como si deseas continuar hacia una licenciatura, el <strong>Asociado en Ciencias en Administraci\u00f3n de Empresas<\/strong> te ayuda a destacar en un mercado competitivo y te proporciona una base s\u00f3lida para el crecimiento a largo plazo.<\/p>\n<p>[\/et_pb_text][et_pb_text _builder_version=\u00bb4.27.6&#8243; _module_preset=\u00bbdefault\u00bb hover_enabled=\u00bb0&#8243; global_colors_info=\u00bb{}\u00bb sticky_enabled=\u00bb0&#8243;]<\/p>\n<h2>Plan de Estudios del Asociado en Ciencias en Administraci\u00f3n de Empresas<\/h2>\n<p>[\/et_pb_text][et_pb_accordion _builder_version=\u00bb4.27.5&#8243; _module_preset=\u00bbdefault\u00bb global_colors_info=\u00bb{}\u00bb][et_pb_accordion_item title=\u00bb1&#8243; open=\u00bbon\u00bb _builder_version=\u00bb4.27.4&#8243; _module_preset=\u00bbdefault\u00bb custom_css_main_element=\u00bbdisplay: none;\u00bb global_colors_info=\u00bb{}\u00bb][\/et_pb_accordion_item][et_pb_accordion_item title=\u00bbACC 210 &#8211; Contabilidad I (3 horas de cr\u00e9dito) \u00bb _builder_version=\u00bb4.27.5&#8243; _module_preset=\u00bbdefault\u00bb global_colors_info=\u00bb{}\u00bb open=\u00bboff\u00bb]<\/p>\n<p>Un estudio de la contabilidad desde dos perspectivas: c\u00f3mo se preparan los estados financieros y c\u00f3mo los responsables de la toma de decisiones utilizan los estados financieros. Se incluyen el registro de transacciones, la toma de decisiones \u00e9ticas y las aplicaciones inform\u00e1ticas. <\/p>\n<p>[\/et_pb_accordion_item][et_pb_accordion_item title=\u00bbACC 220 &#8211; Contabilidad II (3 horas de cr\u00e9dito) \u00bb _builder_version=\u00bb4.27.5&#8243; _module_preset=\u00bbdefault\u00bb global_colors_info=\u00bb{}\u00bb open=\u00bboff\u00bb]<\/p>\n<p>Un curso que describe las t\u00e9cnicas y conceptos utilizados para producir informaci\u00f3n para la toma de decisiones. Se hace hincapi\u00e9 en los entornos de fabricaci\u00f3n, sin fines de lucro, minoristas, mayoristas y administrativos (Requisito previo: ACC 210). <\/p>\n<p>[\/et_pb_accordion_item][et_pb_accordion_item title=\u00bbBUL 201 &#8211; Derecho Empresarial I (3 horas de cr\u00e9dito) \u00bb _builder_version=\u00bb4.27.5&#8243; _module_preset=\u00bbdefault\u00bb global_colors_info=\u00bb{}\u00bb open=\u00bboff\u00bb]<\/p>\n<p>Los contenidos incluyen el entorno legal de los negocios, contratos, contratos de compraventa y arrendamiento nacionales e internacionales, instrumentos negociables, derechos de los acreedores y quiebra, organizaciones empresariales, relaciones laborales y de empleo, y regulaciones gubernamentales.<\/p>\n<p>[\/et_pb_accordion_item][et_pb_accordion_item title=\u00bbBUL 202 &#8211; Derecho Mercantil II (3 horas de cr\u00e9dito)  \u00bb _builder_version=\u00bb4.27.5&#8243; _module_preset=\u00bbdefault\u00bb global_colors_info=\u00bb{}\u00bb open=\u00bboff\u00bb]<\/p>\n<p>Continuaci\u00f3n de BUL 201, que es requisito previo, incluyendo un an\u00e1lisis en profundidad de los contratos mercantiles, propiedad personal e inmobiliaria, fundamentos del derecho de seguros, operaciones garantizadas y regulaci\u00f3n empresarial (Requisito previo: BUL 201).<\/p>\n<p>[\/et_pb_accordion_item][et_pb_accordion_item title=\u00bbBUS 101 &#8211; Introducci\u00f3n a los Negocios (3 horas de cr\u00e9dito) \u00bb _builder_version=\u00bb4.27.5&#8243; _module_preset=\u00bbdefault\u00bb global_colors_info=\u00bb{}\u00bb open=\u00bboff\u00bb]<\/p>\n<p>Este curso es una introducci\u00f3n a la funci\u00f3n y las operaciones de la empresa en un sistema de libre empresa. Los temas incluyen c\u00f3mo y por qu\u00e9 opera una empresa, el desarrollo de un plan de negocio, la propiedad empresarial, la organizaci\u00f3n y el marketing. Este curso tambi\u00e9n proporciona a los estudiantes una visi\u00f3n general de la empresa en una sociedad cada vez m\u00e1s global, sirviendo como introducci\u00f3n a la terminolog\u00eda, conceptos, entornos, sistemas, estrategias y cuestiones actuales de la empresa.  <\/p>\n<p>Los temas incluyen una visi\u00f3n general del entorno empresarial, la \u00e9tica empresarial, el emprendimiento y los negocios globales, la gesti\u00f3n, el marketing, la producci\u00f3n, los sistemas de informaci\u00f3n y los elementos financieros de la empresa. El curso proporciona una base empresarial s\u00f3lida para un estudio m\u00e1s detallado y de nivel superior en cursos posteriores. <\/p>\n<p>[\/et_pb_accordion_item][et_pb_accordion_item title=\u00bbBUS 102 &#8211; Principios de Gesti\u00f3n (3 horas de cr\u00e9dito)  \u00bb _builder_version=\u00bb4.27.5&#8243; _module_preset=\u00bbdefault\u00bb global_colors_info=\u00bb{}\u00bb open=\u00bboff\u00bb]<\/p>\n<p>Un estudio de las teor\u00edas y aplicaciones de gesti\u00f3n, el impacto de la gesti\u00f3n en los individuos, las estrategias de gesti\u00f3n, la gesti\u00f3n de negocios internacionales y la evoluci\u00f3n de<br \/>la gesti\u00f3n como ciencia.<\/p>\n<p>[\/et_pb_accordion_item][et_pb_accordion_item title=\u00bbCIS 102 &#8211; Conceptos Inform\u00e1ticos (3 horas de cr\u00e9dito) \u00bb _builder_version=\u00bb4.27.5&#8243; _module_preset=\u00bbdefault\u00bb global_colors_info=\u00bb{}\u00bb open=\u00bboff\u00bb]<\/p>\n<p>El impacto de los ordenadores en la sociedad y los negocios. Se hace hincapi\u00e9 en la evoluci\u00f3n del ordenador, la tecnolog\u00eda en desarrollo, el software y el hardware, los lenguajes de programaci\u00f3n y la toma de decisiones en un entorno informatizado. <\/p>\n<p>[\/et_pb_accordion_item][et_pb_accordion_item title=\u00bbECN 131 &#8211; Macroeconom\u00eda (3 horas de cr\u00e9dito) \u00bb _builder_version=\u00bb4.27.5&#8243; _module_preset=\u00bbdefault\u00bb global_colors_info=\u00bb{}\u00bb open=\u00bboff\u00bb]<\/p>\n<p>Un estudio del sistema econ\u00f3mico y el desarrollo de la libre competencia en el capitalismo.<br \/>El curso incluye debates sobre la evoluci\u00f3n del dinero, el sistema bancario, la<br \/>ley de la oferta y la demanda y la determinaci\u00f3n de precios.<\/p>\n<p>[\/et_pb_accordion_item][et_pb_accordion_item title=\u00bbECN 132 &#8211; Microeconom\u00eda (3 horas de cr\u00e9dito) \u00bb _builder_version=\u00bb4.27.5&#8243; _module_preset=\u00bbdefault\u00bb global_colors_info=\u00bb{}\u00bb open=\u00bboff\u00bb]<\/p>\n<p>Un curso de microeconom\u00eda implica un an\u00e1lisis m\u00e1s detallado de la oferta y la demanda, los controles de precios, las pol\u00edticas p\u00fablicas, la teor\u00eda de la empresa, los conceptos de costes e ingresos, las formas de competencia, la elasticidad y la asignaci\u00f3n eficiente de recursos. Tambi\u00e9n implica un estudio detallado de las decisiones tomadas por los hogares, las empresas y el gobierno y c\u00f3mo estas decisiones afectan a los mercados de bienes y servicios. <\/p>\n<p>[\/et_pb_accordion_item][et_pb_accordion_item title=\u00bbENG 101 &#8211; Composici\u00f3n en Ingl\u00e9s I (3 horas de cr\u00e9dito) \u00bb _builder_version=\u00bb4.27.5&#8243; _module_preset=\u00bbdefault\u00bb global_colors_info=\u00bb{}\u00bb open=\u00bboff\u00bb]<\/p>\n<p>Este curso investiga el proceso de composici\u00f3n de prosa, las diferencias entre<br \/>explicar y persuadir, las herramientas de investigaci\u00f3n y la organizaci\u00f3n de la materia.<br \/>Las composiciones incluyen ensayos descriptivos, narrativos, anal\u00edticos y persuasivos.<br \/>Se hace hincapi\u00e9 en un concepto ampliado de alfabetizaci\u00f3n que incluye im\u00e1genes y una variedad de<br \/>medios visuales, as\u00ed como en c\u00f3mo encontrar, evaluar cr\u00edticamente y sintetizar informaci\u00f3n de una<br \/>variedad de fuentes. Los estudiantes desarrollan las habilidades de escritura exitosa, incluidas estrategias para<br \/>generar contenido dise\u00f1ado para diferentes prop\u00f3sitos, editar su trabajo para lograr claridad y<br \/>correcci\u00f3n gramatical, argumentar o criticar su propio trabajo y el de otros, y realizar<br \/>revisiones. (*Puede estar sujeto a pruebas y\/o trabajo de refuerzo para poder matricularse)  <\/p>\n<p>[\/et_pb_accordion_item][et_pb_accordion_item title=\u00bbENG 102 &#8211; Composici\u00f3n en Ingl\u00e9s II (3 horas de cr\u00e9dito) \u00bb _builder_version=\u00bb4.27.5&#8243; _module_preset=\u00bbdefault\u00bb global_colors_info=\u00bb{}\u00bb open=\u00bboff\u00bb]<\/p>\n<p>Continuaci\u00f3n de ENG 101, que es requisito previo; se hace hincapi\u00e9 en los recursos disponibles para un escritor, tanto documentados como imaginativos, y el uso de estos recursos en el desarrollo de la escritura acad\u00e9mica. Las tareas de ensayo incluir\u00e1n escritura informativa, anal\u00edtica y argumentativa. Los estudiantes completar\u00e1n un proyecto de investigaci\u00f3n sobre un tema de su elecci\u00f3n.<br \/>Los estudiantes examinar\u00e1n seis componentes interconectados del desarrollo de trabajos de investigaci\u00f3n en<br \/>entornos universitarios y empresariales: conciencia ret\u00f3rica, por qu\u00e9 los escritores toman decisiones espec\u00edficas en el desarrollo de sus ideas, los tipos de preguntas que exploran los cursos universitarios, t\u00e9cnicas para la revisi\u00f3n efectiva de trabajos, edici\u00f3n y habilidades de lectura cr\u00edtica. El curso est\u00e1 dise\u00f1ado para crear un conjunto de supuestos sobre la forma de utilizar el lenguaje para investigar, aprender y cambiar (Requisito previo: ENG 101).   <\/p>\n<p>[\/et_pb_accordion_item][et_pb_accordion_item title=\u00bbMAT 101 &#8211; Matem\u00e1ticas Universitarias I (3 horas de cr\u00e9dito) \u00bb _builder_version=\u00bb4.27.5&#8243; _module_preset=\u00bbdefault\u00bb global_colors_info=\u00bb{}\u00bb open=\u00bboff\u00bb]<\/p>\n<p>Un curso que introduce conceptos matem\u00e1ticos a nivel universitario y el uso de las matem\u00e1ticas en entornos reales; se hace hincapi\u00e9 en el pensamiento cr\u00edtico, conjuntos, l\u00f3gica, funciones gr\u00e1ficas, teor\u00eda de n\u00fameros, sistema de n\u00fameros reales; introducci\u00f3n a funciones logar\u00edtmicas, teor\u00eda de ecuaciones, estad\u00edstica y teor\u00eda algebraica. (*Puede estar sujeto a pruebas y\/o trabajo de refuerzo para poder matricularse). <\/p>\n<p>[\/et_pb_accordion_item][et_pb_accordion_item title=\u00bbMAT 102 &#8211; Matem\u00e1ticas Universitarias II (3 horas de cr\u00e9dito) \u00bb _builder_version=\u00bb4.27.5&#8243; _module_preset=\u00bbdefault\u00bb global_colors_info=\u00bb{}\u00bb open=\u00bboff\u00bb]<\/p>\n<p>Una continuaci\u00f3n de MAT 101, que es un requisito previo; se hace hincapi\u00e9 en temas m\u00e1s avanzados, incluyendo ecuaciones lineales, estad\u00edstica y probabilidad, ecuaciones diferenciales y teor\u00eda de demostraciones (Requisito previo: MAT 101).<\/p>\n<p>[\/et_pb_accordion_item][et_pb_accordion_item title=\u00bbMGT 103 &#8211; \u00c9tica y Responsabilidad Social (3 horas de cr\u00e9dito) \u00bb _builder_version=\u00bb4.27.5&#8243; _module_preset=\u00bbdefault\u00bb global_colors_info=\u00bb{}\u00bb open=\u00bboff\u00bb]<\/p>\n<p>Este curso har\u00e1 hincapi\u00e9 en el individuo como tomador de decisiones y se centrar\u00e1 en cuestiones y<br \/>dilemas \u00e9ticos a los que se enfrentan los directivos en la mayor\u00eda de las organizaciones empresariales. La asignatura es un estudio de la<br \/>aplicaci\u00f3n de teor\u00edas \u00e9ticas aplicadas a los negocios. Los objetivos espec\u00edficos del curso son aumentar la conciencia general de los estudiantes sobre los dilemas \u00e9ticos en el trabajo, situar las cuestiones \u00e9ticas dentro de un contexto de gesti\u00f3n sujeto a an\u00e1lisis y acci\u00f3n de toma de decisiones y su impacto en la sociedad. El curso mejora y perfecciona la capacidad de los estudiantes para razonar hacia una resoluci\u00f3n satisfactoria de un dilema \u00e9tico.   <\/p>\n<p>[\/et_pb_accordion_item][et_pb_accordion_item title=\u00bbMGT 203 &#8211; Relaciones Humanas en los Negocios (3 horas de cr\u00e9dito) \u00bb _builder_version=\u00bb4.27.5&#8243; _module_preset=\u00bbdefault\u00bb global_colors_info=\u00bb{}\u00bb open=\u00bboff\u00bb]<\/p>\n<p>Un estudio de los fundamentos de la motivaci\u00f3n, la comunicaci\u00f3n y la cooperaci\u00f3n con la direcci\u00f3n, los compa\u00f1eros de trabajo y el p\u00fablico para los profesionales de negocios.<\/p>\n<p>[\/et_pb_accordion_item][et_pb_accordion_item title=\u00bbMGT 230 &#8211; Gesti\u00f3n de Peque\u00f1as Empresas (3 horas de cr\u00e9dito) \u00bb _builder_version=\u00bb4.27.5&#8243; _module_preset=\u00bbdefault\u00bb global_colors_info=\u00bb{}\u00bb open=\u00bboff\u00bb]<\/p>\n<p>Un estudio de las actividades necesarias para la gesti\u00f3n exitosa de una peque\u00f1a empresa.<br \/>Los temas incluyen marketing, control de inventario, planificaci\u00f3n y la creaci\u00f3n de un plan de negocio<br \/>(Requisito previo: BUS 101).<\/p>\n<p>[\/et_pb_accordion_item][et_pb_accordion_item title=\u00bbMKG 101 &#8211; Principios de Marketing (3 horas de cr\u00e9dito) \u00bb _builder_version=\u00bb4.27.5&#8243; _module_preset=\u00bbdefault\u00bb global_colors_info=\u00bb{}\u00bb open=\u00bboff\u00bb]<\/p>\n<p>Un curso de estudio que se centra en las teor\u00edas de marketing, la construcci\u00f3n y gesti\u00f3n de relaciones rentables<br \/>con los clientes, la construcci\u00f3n y gesti\u00f3n de marcas s\u00f3lidas para crear valor de marca y<br \/>el marketing de manera socialmente responsable en todo el mundo. Los temas incluyen el entorno<br \/>de marketing, la gesti\u00f3n de informaci\u00f3n, el comportamiento del consumidor y del comprador empresarial, las estrategias<br \/>de marca, los canales de distribuci\u00f3n, la publicidad y la promoci\u00f3n de ventas, y el marketing directo. <\/p>\n<p>[\/et_pb_accordion_item][et_pb_accordion_item title=\u00bbMKG 106 &#8211; Publicidad (3 horas de cr\u00e9dito) \u00bb _builder_version=\u00bb4.27.5&#8243; _module_preset=\u00bbdefault\u00bb global_colors_info=\u00bb{}\u00bb open=\u00bboff\u00bb]<\/p>\n<p>Un estudio de los fundamentos de la publicidad, el entorno, los antecedentes, la planificaci\u00f3n y la estrategia, los medios publicitarios, la creaci\u00f3n de publicidad y los elementos de comunicaci\u00f3n de marketing.<\/p>\n<p>[\/et_pb_accordion_item][et_pb_accordion_item title=\u00bbPSY 131 &#8211; Psicolog\u00eda General (3 horas de cr\u00e9dito) \u00bb _builder_version=\u00bb4.27.5&#8243; _module_preset=\u00bbdefault\u00bb global_colors_info=\u00bb{}\u00bb open=\u00bboff\u00bb]<\/p>\n<p>Un estudio b\u00e1sico del comportamiento humano que incluye un \u00e9nfasis en la teor\u00eda del aprendizaje, el<br \/>desarrollo humano y la investigaci\u00f3n psicol\u00f3gica.<\/p>\n<p>[\/et_pb_accordion_item][et_pb_accordion_item title=\u00bbSOC 101 &#8211; Sociolog\u00eda (3 horas de cr\u00e9dito) \u00bb _builder_version=\u00bb4.27.5&#8243; _module_preset=\u00bbdefault\u00bb global_colors_info=\u00bb{}\u00bb open=\u00bboff\u00bb]<\/p>\n<p>Una introducci\u00f3n a las relaciones sociales y el estudio cient\u00edfico de la sociedad humana, la cultura, las<br \/>interacciones sociales y la organizaci\u00f3n de las sociedades. Los temas revisados incluyen la socializaci\u00f3n, los m\u00e9todos de investigaci\u00f3n<br \/>y la aplicaci\u00f3n de m\u00e9todos cient\u00edficos a datos sociol\u00f3gicos, los problemas y<br \/>cambios sociales, y las instituciones sociales. Se hace hincapi\u00e9 en los aspectos estructurales y culturales de<br \/>la sociedad y la manera compleja en que diversos entornos influyen en el desarrollo y el comportamiento humanos.  <\/p>\n<p>[\/et_pb_accordion_item][\/et_pb_accordion][\/et_pb_column][et_pb_column type=\u00bb1_3&#8243; _builder_version=\u00bb4.27.4&#8243; _module_preset=\u00bbdefault\u00bb background_color=\u00bb#eeeeee\u00bb global_colors_info=\u00bb{}\u00bb][et_pb_text _builder_version=\u00bb4.27.4&#8243; _module_preset=\u00bbdefault\u00bb link_text_color=\u00bb#FFFFFF\u00bb header_2_text_align=\u00bbcenter\u00bb header_2_text_color=\u00bb#1c3585&#8243; header_2_font_size=\u00bb28px\u00bb header_4_font=\u00bb||||||||\u00bb header_4_font_size=\u00bb16px\u00bb background_color=\u00bbRGBA(255,255,255,0)\u00bb custom_padding=\u00bb50px|30px||30px|false|true\u00bb global_colors_info=\u00bb{}\u00bb]<\/p>\n<h2>El programa de un vistazo<\/h2>\n<p>[\/et_pb_text][et_pb_text _builder_version=\u00bb4.27.4&#8243; _module_preset=\u00bbdefault\u00bb link_text_color=\u00bb#FFFFFF\u00bb header_2_text_align=\u00bbcenter\u00bb header_2_text_color=\u00bb#1c3585&#8243; header_2_font_size=\u00bb28px\u00bb header_4_font=\u00bb||||||||\u00bb header_4_font_size=\u00bb16px\u00bb background_color=\u00bbRGBA(255,255,255,0)\u00bb custom_padding=\u00bb|30px||30px|false|true\u00bb global_colors_info=\u00bb{}\u00bb]<\/p>\n<h4>Formato<\/h4>\n<h3>Presencial<\/h3>\n<p>[\/et_pb_text][et_pb_text _builder_version=\u00bb4.27.4&#8243; _module_preset=\u00bbdefault\u00bb link_text_color=\u00bb#FFFFFF\u00bb header_2_text_align=\u00bbcenter\u00bb header_2_text_color=\u00bb#1c3585&#8243; header_2_font_size=\u00bb28px\u00bb header_4_font=\u00bb||||||||\u00bb header_4_font_size=\u00bb16px\u00bb background_color=\u00bbRGBA(255,255,255,0)\u00bb custom_padding=\u00bb|30px||30px|false|true\u00bb global_colors_info=\u00bb{}\u00bb]<\/p>\n<h4>Duraci\u00f3n del programa<\/h4>\n<h3>24 &#8211; 30 meses<\/h3>\n<p>[\/et_pb_text][et_pb_text _builder_version=\u00bb4.27.5&#8243; _module_preset=\u00bbdefault\u00bb link_text_color=\u00bb#FFFFFF\u00bb header_2_text_align=\u00bbcenter\u00bb header_2_text_color=\u00bb#1c3585&#8243; header_2_font_size=\u00bb28px\u00bb header_4_font=\u00bb||||||||\u00bb header_4_font_size=\u00bb16px\u00bb background_color=\u00bbRGBA(255,255,255,0)\u00bb custom_padding=\u00bb|30px||30px|false|true\u00bb global_colors_info=\u00bb{}\u00bb]<\/p>\n<h4>Total de horas de cr\u00e9dito<\/h4>\n<h3>60<\/h3>\n<p>[\/et_pb_text][et_pb_text _builder_version=\u00bb4.27.5&#8243; _module_preset=\u00bbdefault\u00bb link_text_color=\u00bb#FFFFFF\u00bb header_2_text_align=\u00bbcenter\u00bb header_2_text_color=\u00bb#1c3585&#8243; header_2_font_size=\u00bb28px\u00bb header_4_font=\u00bb||||||||\u00bb header_4_font_size=\u00bb16px\u00bb background_color=\u00bbRGBA(255,255,255,0)\u00bb custom_padding=\u00bb|30px||30px|false|true\u00bb global_colors_info=\u00bb{}\u00bb]<\/p>\n<h4>Estructura del programa<\/h4>\n<p>24 Horas de Cr\u00e9dito: Formaci\u00f3n General<br \/>36 Horas de Cr\u00e9dito: N\u00facleo Empresarial<\/p>\n<p>[\/et_pb_text][et_pb_text _builder_version=\u00bb4.27.4&#8243; _module_preset=\u00bbdefault\u00bb link_text_color=\u00bb#FFFFFF\u00bb header_2_text_align=\u00bbcenter\u00bb header_2_text_color=\u00bb#1c3585&#8243; header_2_font_size=\u00bb28px\u00bb header_4_font=\u00bb||||||||\u00bb header_4_font_size=\u00bb16px\u00bb background_color=\u00bbRGBA(255,255,255,0)\u00bb custom_padding=\u00bb|30px||30px|false|true\u00bb global_colors_info=\u00bb{}\u00bb]<\/p>\n<h4>Matr\u00edcula por semestre<\/h4>\n<h3>Aproximadamente 6.900 $<\/h3>\n<p>Hay ayudas financieras y becas disponibles para quienes cumplan los requisitos.<\/p>\n<p>[\/et_pb_text][et_pb_text _builder_version=\u00bb4.27.4&#8243; _module_preset=\u00bbdefault\u00bb link_text_color=\u00bb#FFFFFF\u00bb header_2_text_align=\u00bbcenter\u00bb header_2_text_color=\u00bb#1c3585&#8243; header_2_font_size=\u00bb28px\u00bb header_4_font=\u00bb||||||||\u00bb header_4_font_size=\u00bb16px\u00bb background_color=\u00bbRGBA(255,255,255,0)\u00bb custom_padding=\u00bb|30px||30px|false|true\u00bb global_colors_info=\u00bb{}\u00bb]<\/p>\n<h4>Acreditaci\u00f3n<\/h4>\n<p>[\/et_pb_text][et_pb_image src=\u00bbhttps:\/\/maufl.edu\/wp-content\/uploads\/2025\/06\/Accsc-logounit.png\u00bb title_text=\u00bbAccsc-logounit\u00bb align=\u00bbcenter\u00bb _builder_version=\u00bb4.27.4&#8243; _module_preset=\u00bbdefault\u00bb global_colors_info=\u00bb{}\u00bb][\/et_pb_image][et_pb_divider color=\u00bb#ffd350&#8243; divider_position=\u00bbcenter\u00bb divider_weight=\u00bb3px\u00bb _builder_version=\u00bb4.27.4&#8243; _module_preset=\u00bbdefault\u00bb width=\u00bb50%\u00bb module_alignment=\u00bbcenter\u00bb global_colors_info=\u00bb{}\u00bb][\/et_pb_divider][et_pb_number_counter title=\u00bbEstudiantes matriculados*\u00bb number=\u00bb133&#8243; percent_sign=\u00bboff\u00bb _builder_version=\u00bb4.27.5&#8243; _module_preset=\u00bbdefault\u00bb title_text_color=\u00bb#1c3585&#8243; title_font_size=\u00bb20px\u00bb number_font=\u00bb|700|||||||\u00bb number_font_size=\u00bb60px\u00bb global_colors_info=\u00bb{}\u00bb][\/et_pb_number_counter][et_pb_divider color=\u00bb#ffd350&#8243; divider_position=\u00bbcenter\u00bb divider_weight=\u00bb3px\u00bb _builder_version=\u00bb4.27.4&#8243; _module_preset=\u00bbdefault\u00bb width=\u00bb50%\u00bb module_alignment=\u00bbcenter\u00bb global_colors_info=\u00bb{}\u00bb][\/et_pb_divider][et_pb_circle_counter title=\u00bbTasa de Colocaci\u00f3n*\u00bb number=\u00bb83&#8243; circle_color_alpha=\u00bb0.15&#8243; _builder_version=\u00bb4.27.5&#8243; _module_preset=\u00bbdefault\u00bb title_text_color=\u00bb#1c3585&#8243; title_font_size=\u00bb20px\u00bb number_font=\u00bb|700|||||||\u00bb number_text_color=\u00bb#1c3585&#8243; number_font_size=\u00bb55px\u00bb global_colors_info=\u00bb{}\u00bb][\/et_pb_circle_counter][et_pb_divider color=\u00bb#ffd350&#8243; divider_position=\u00bbcenter\u00bb divider_weight=\u00bb3px\u00bb _builder_version=\u00bb4.27.4&#8243; _module_preset=\u00bbdefault\u00bb width=\u00bb50%\u00bb module_alignment=\u00bbcenter\u00bb global_colors_info=\u00bb{}\u00bb][\/et_pb_divider][et_pb_circle_counter title=\u00bbTasa de retenci\u00f3n*\u00bb number=\u00bb75&#8243; circle_color_alpha=\u00bb0.15&#8243; _builder_version=\u00bb4.27.5&#8243; _module_preset=\u00bbdefault\u00bb title_text_color=\u00bb#1c3585&#8243; title_font_size=\u00bb20px\u00bb number_font=\u00bb|700|||||||\u00bb number_text_color=\u00bb#1c3585&#8243; number_font_size=\u00bb55px\u00bb global_colors_info=\u00bb{}\u00bb][\/et_pb_circle_counter][et_pb_divider color=\u00bb#ffd350&#8243; divider_position=\u00bbcenter\u00bb divider_weight=\u00bb3px\u00bb _builder_version=\u00bb4.27.4&#8243; _module_preset=\u00bbdefault\u00bb width=\u00bb50%\u00bb module_alignment=\u00bbcenter\u00bb global_colors_info=\u00bb{}\u00bb][\/et_pb_divider][et_pb_button button_url=\u00bb@ET-DC@eyJkeW5hbWljIjp0cnVlLCJjb250ZW50IjoicG9zdF9saW5rX3VybF9wYWdlIiwic2V0dGluZ3MiOnsicG9zdF9pZCI6IjUwMDEwMCIsImVuYWJsZV9odG1sIjoib2ZmIn19@\u00bb button_text=\u00bbMatr\u00edcula y Tasas\u00bb button_alignment=\u00bbcenter\u00bb _builder_version=\u00bb4.27.5&#8243; _dynamic_attributes=\u00bbbutton_url\u00bb _module_preset=\u00bb96bea43d-0813-44df-affd-640707911ebe\u00bb button_text_size=\u00bb16px\u00bb button_text_color=\u00bb#ffd350&#8243; button_bg_color=\u00bb#1c3585&#8243; custom_margin=\u00bb50px||50px||true|false\u00bb locked=\u00bboff\u00bb global_colors_info=\u00bb{}\u00bb][\/et_pb_button][et_pb_button button_url=\u00bb@ET-DC@eyJkeW5hbWljIjp0cnVlLCJjb250ZW50IjoicG9zdF9saW5rX3VybF9wYWdlIiwic2V0dGluZ3MiOnsicG9zdF9pZCI6IjUwMDA3NiIsImVuYWJsZV9odG1sIjoib2ZmIn19@\u00bb button_text=\u00bbRequisitos\u00bb button_alignment=\u00bbcenter\u00bb _builder_version=\u00bb4.27.5&#8243; _dynamic_attributes=\u00bbbutton_url\u00bb _module_preset=\u00bb96bea43d-0813-44df-affd-640707911ebe\u00bb button_text_size=\u00bb16px\u00bb button_text_color=\u00bb#ffd350&#8243; button_bg_color=\u00bb#1c3585&#8243; custom_margin=\u00bb50px||50px||true|false\u00bb locked=\u00bboff\u00bb global_colors_info=\u00bb{}\u00bb][\/et_pb_button][et_pb_button button_url=\u00bb@ET-DC@eyJkeW5hbWljIjp0cnVlLCJjb250ZW50IjoicG9zdF9saW5rX3VybF9wYWdlIiwic2V0dGluZ3MiOnsicG9zdF9pZCI6IjUwMDA4OCIsImVuYWJsZV9odG1sIjoib2ZmIn19@\u00bb button_text=\u00bbEmpezar\u00bb button_alignment=\u00bbcenter\u00bb _builder_version=\u00bb4.27.5&#8243; _dynamic_attributes=\u00bbbutton_url\u00bb _module_preset=\u00bb96bea43d-0813-44df-affd-640707911ebe\u00bb button_text_size=\u00bb16px\u00bb button_text_color=\u00bb#1c3585&#8243; button_bg_color=\u00bb#ffd350&#8243; custom_margin=\u00bb50px||50px||true|false\u00bb locked=\u00bboff\u00bb global_colors_info=\u00bb{}\u00bb][\/et_pb_button][et_pb_text _builder_version=\u00bb4.27.5&#8243; _dynamic_attributes=\u00bblink_option_url\u00bb _module_preset=\u00bbdefault\u00bb custom_margin=\u00bb||50px||false|false\u00bb custom_padding=\u00bb|30px||30px|false|true\u00bb link_option_url=\u00bb@ET-DC@eyJkeW5hbWljIjp0cnVlLCJjb250ZW50IjoicG9zdF9saW5rX3VybF9wYWdlIiwic2V0dGluZ3MiOnsicG9zdF9pZCI6IjUwMDU0MiIsImVuYWJsZV9odG1sIjoib2ZmIn19@\u00bb locked=\u00bboff\u00bb global_colors_info=\u00bb{}\u00bb]<\/p>\n<p>* Las tasas se calculan utilizando datos enviados a la Comisi\u00f3n para la Educaci\u00f3n Independiente (CIE)<span> para el a\u00f1o de informe del 1 de julio de 2024 al 30 de junio de 2025<\/span>. <span style=\"text-decoration: underline; color: #1c3585;\">Ver informe<\/span><\/p>\n<p>[\/et_pb_text][\/et_pb_column][\/et_pb_row][\/et_pb_section][et_pb_section fb_built=\u00bb1&#8243; admin_label=\u00bbFooter\u00bb _builder_version=\u00bb4.27.6&#8243; _module_preset=\u00bbdefault\u00bb background_color=\u00bb#1c3585&#8243; custom_margin=\u00bb0px||0px||true|false\u00bb global_module=\u00bb500225&#8243; saved_tabs=\u00bball\u00bb locked=\u00bboff\u00bb collapsed=\u00bboff\u00bb global_colors_info=\u00bb{}\u00bb][et_pb_row column_structure=\u00bb1_3,1_3,1_3&#8243; _builder_version=\u00bb4.27.5&#8243; _module_preset=\u00bbdefault\u00bb global_colors_info=\u00bb{}\u00bb][et_pb_column type=\u00bb1_3&#8243; _builder_version=\u00bb4.19.1&#8243; _module_preset=\u00bbdefault\u00bb global_colors_info=\u00bb{}\u00bb][et_pb_text _builder_version=\u00bb4.27.6&#8243; _module_preset=\u00bbdefault\u00bb global_colors_info=\u00bb{}\u00bb]<\/p>\n<p><img loading=\"lazy\" decoding=\"async\" class=\"wp-image-1001188 alignnone size-full\" src=\"https:\/\/maufl.edu\/wp-content\/uploads\/2025\/08\/Bicolor-vertical-301.webp\" alt=\"Millennia Atlantic University\" width=\"123\" height=\"123\" title=\"\" srcset=\"https:\/\/maufl.edu\/wp-content\/uploads\/2025\/08\/Bicolor-vertical-301.webp 300w, https:\/\/maufl.edu\/wp-content\/uploads\/2025\/08\/Bicolor-vertical-301-150x150.webp 150w\" sizes=\"(max-width: 123px) 100vw, 123px\" \/><\/p>\n<p>[\/et_pb_text][et_pb_text _builder_version=\u00bb4.27.4&#8243; _module_preset=\u00bbfcee7eac-88bc-42e1-98af-98330640b046&#8243; header_3_text_color=\u00bb#FFFFFF\u00bb custom_margin=\u00bb||0px||false|false\u00bb global_colors_info=\u00bb{}\u00bb]<\/p>\n<h3>Millennia Atlantic University<\/h3>\n<p>[\/et_pb_text][et_pb_text _builder_version=\u00bb4.27.4&#8243; _module_preset=\u00bbdefault\u00bb text_text_color=\u00bb#FFFFFF\u00bb link_text_color=\u00bb#FFFFFF\u00bb custom_margin=\u00bb||10px||false|false\u00bb locked=\u00bboff\u00bb global_colors_info=\u00bb{}\u00bb]<\/p>\n<p><a href=\"https:\/\/g.page\/MillenniaAtlanticU?share\" target=\"_blank\" rel=\"noopener\">3801 NW 97th Avenue,<\/a><br \/><a href=\"https:\/\/g.page\/MillenniaAtlanticU?share\" target=\"_blank\" rel=\"noopener\">Doral, FL 33178<\/a><\/p>\n<p>[\/et_pb_text][et_pb_text _builder_version=\u00bb4.27.4&#8243; _module_preset=\u00bbdefault\u00bb text_text_color=\u00bb#FFFFFF\u00bb link_text_color=\u00bb#FFFFFF\u00bb custom_margin=\u00bb||10px||false|false\u00bb locked=\u00bboff\u00bb global_colors_info=\u00bb{}\u00bb]<a href=\"mailto:#\">admissions@maufl.edu<\/a>[\/et_pb_text][et_pb_text _builder_version=\u00bb4.27.4&#8243; _module_preset=\u00bbdefault\u00bb text_text_color=\u00bb#FFFFFF\u00bb link_text_color=\u00bb#FFFFFF\u00bb custom_margin=\u00bb||10px||false|false\u00bb locked=\u00bboff\u00bb global_colors_info=\u00bb{}\u00bb]<\/p>\n<p><a href=\"tel:+17863311000\" rel=\"nofollow\">+1 786-331-1000<\/a><\/p>\n<p>[\/et_pb_text][et_pb_social_media_follow _builder_version=\u00bb4.27.6&#8243; _module_preset=\u00bbdefault\u00bb custom_margin=\u00bb30px||||false|false\u00bb global_colors_info=\u00bb{}\u00bb][et_pb_social_media_follow_network social_network=\u00bbfacebook\u00bb url=\u00bbhttps:\/\/www.facebook.com\/MillenniaAtlanticU\u00bb _builder_version=\u00bb4.27.4&#8243; _module_preset=\u00bbdefault\u00bb global_colors_info=\u00bb{}\u00bb follow_button=\u00bboff\u00bb url_new_window=\u00bbon\u00bb]facebook[\/et_pb_social_media_follow_network][et_pb_social_media_follow_network social_network=\u00bbinstagram\u00bb url=\u00bbhttps:\/\/www.instagram.com\/mau_fl\/\u00bb _builder_version=\u00bb4.27.4&#8243; _module_preset=\u00bbdefault\u00bb global_colors_info=\u00bb{}\u00bb follow_button=\u00bboff\u00bb url_new_window=\u00bbon\u00bb]instagram[\/et_pb_social_media_follow_network][et_pb_social_media_follow_network social_network=\u00bbtiktok\u00bb url=\u00bbhttps:\/\/www.tiktok.com\/@mau_fl\u00bb _builder_version=\u00bb4.27.6&#8243; _module_preset=\u00bbdefault\u00bb background_color=\u00bb#007bb6&#8243; custom_css_social_icon=\u00bbbackground-color: transparent !important;\u00bb global_colors_info=\u00bb{}\u00bb follow_button=\u00bboff\u00bb url_new_window=\u00bbon\u00bb]tiktok[\/et_pb_social_media_follow_network][et_pb_social_media_follow_network social_network=\u00bbyoutube\u00bb url=\u00bbhttps:\/\/www.youtube.com\/user\/MillenniaAtlanticU\u00bb _builder_version=\u00bb4.27.4&#8243; _module_preset=\u00bbdefault\u00bb background_color=\u00bb#a82400&#8243; custom_css_social_icon=\u00bbbackground-color: transparent !important;\u00bb global_colors_info=\u00bb{}\u00bb follow_button=\u00bboff\u00bb url_new_window=\u00bbon\u00bb]youtube[\/et_pb_social_media_follow_network][et_pb_social_media_follow_network social_network=\u00bblinkedin\u00bb url=\u00bbhttps:\/\/www.linkedin.com\/school\/millennia-atlantic-university\u00bb _builder_version=\u00bb4.27.4&#8243; _module_preset=\u00bbdefault\u00bb background_color=\u00bb#007bb6&#8243; custom_css_social_icon=\u00bbbackground-color: transparent !important;\u00bb global_colors_info=\u00bb{}\u00bb follow_button=\u00bboff\u00bb url_new_window=\u00bbon\u00bb]linkedin[\/et_pb_social_media_follow_network][et_pb_social_media_follow_network social_network=\u00bbtwitter\u00bb url=\u00bbhttps:\/\/twitter.com\/MAU_FL\u00bb _builder_version=\u00bb4.27.4&#8243; _module_preset=\u00bbdefault\u00bb global_colors_info=\u00bb{}\u00bb follow_button=\u00bboff\u00bb url_new_window=\u00bbon\u00bb]twitter[\/et_pb_social_media_follow_network][et_pb_social_media_follow_network social_network=\u00bbwhatsapp\u00bb url=\u00bbhttps:\/\/wa.me\/17867088733&#8243; _builder_version=\u00bb4.27.4&#8243; _module_preset=\u00bbdefault\u00bb background_color=\u00bb#25D366&#8243; custom_css_social_icon=\u00bbbackground-color: transparent !important;\u00bb global_colors_info=\u00bb{}\u00bb follow_button=\u00bboff\u00bb url_new_window=\u00bbon\u00bb]whatsapp[\/et_pb_social_media_follow_network][\/et_pb_social_media_follow][\/et_pb_column][et_pb_column type=\u00bb1_3&#8243; _builder_version=\u00bb4.19.1&#8243; _module_preset=\u00bbdefault\u00bb global_colors_info=\u00bb{}\u00bb][et_pb_text _builder_version=\u00bb4.27.4&#8243; _module_preset=\u00bb855337e7-3a50-43d0-8885-895a03dd2869&#8243; header_4_font=\u00bb|600|||||||\u00bb header_4_text_color=\u00bb#FFFFFF\u00bb custom_margin=\u00bb10px||10px||true|false\u00bb custom_padding=\u00bb20px||||false|false\u00bb border_color_all=\u00bbrgba(255,255,255,0.2)\u00bb border_width_top=\u00bb1px\u00bb global_colors_info=\u00bb{}\u00bb]<\/p>\n<h4>Explora MAU<\/h4>\n<p>[\/et_pb_text][et_pb_text _builder_version=\u00bb4.27.5&#8243; _module_preset=\u00bbdefault\u00bb text_text_color=\u00bb#FFFFFF\u00bb link_text_color=\u00bb#FFFFFF\u00bb custom_margin=\u00bb||10px||false|false\u00bb link_option_url=\u00bbhttps:\/\/maufl.edu\/es\/historia-de-mau\/\u00bb global_colors_info=\u00bb{}\u00bb]<\/p>\n<p>Acerca de MAU<\/p>\n<p>[\/et_pb_text][et_pb_text _builder_version=\u00bb4.27.6&#8243; _module_preset=\u00bbdefault\u00bb text_text_color=\u00bb#FFFFFF\u00bb link_text_color=\u00bb#FFFFFF\u00bb custom_margin=\u00bb||10px||false|false\u00bb link_option_url=\u00bbhttps:\/\/maufl.edu\/es\/escuela-de-negocios-de-grado\/\u00bb global_colors_info=\u00bb{}\u00bb]<\/p>\n<p>Programas de pregrado<\/p>\n<p>[\/et_pb_text][et_pb_text _builder_version=\u00bb4.27.6&#8243; _module_preset=\u00bbdefault\u00bb text_text_color=\u00bb#FFFFFF\u00bb link_text_color=\u00bb#FFFFFF\u00bb custom_margin=\u00bb||10px||false|false\u00bb link_option_url=\u00bbhttps:\/\/maufl.edu\/es\/escuela-de-negocios-de-posgrado\/\u00bb global_colors_info=\u00bb{}\u00bb]<\/p>\n<p>Programas de postgrado<\/p>\n<p>[\/et_pb_text][et_pb_text _builder_version=\u00bb4.27.6&#8243; _module_preset=\u00bbdefault\u00bb text_text_color=\u00bb#FFFFFF\u00bb link_text_color=\u00bb#FFFFFF\u00bb custom_margin=\u00bb||10px||false|false\u00bb link_option_url=\u00bbhttps:\/\/maufl.edu\/es\/servicios-estudiantiles\/\u00bb global_colors_info=\u00bb{}\u00bb]<\/p>\n<p>Servicios estudiantiles<\/p>\n<p>[\/et_pb_text][et_pb_text _builder_version=\u00bb4.27.5&#8243; _module_preset=\u00bbdefault\u00bb text_text_color=\u00bb#FFFFFF\u00bb link_text_color=\u00bb#FFFFFF\u00bb custom_margin=\u00bb||10px||false|false\u00bb link_option_url=\u00bbhttps:\/\/mauathletics.com\/\u00bb global_colors_info=\u00bb{}\u00bb]<\/p>\n<p>Deportes<\/p>\n<p>[\/et_pb_text][et_pb_text _builder_version=\u00bb4.27.5&#8243; _module_preset=\u00bbdefault\u00bb text_text_color=\u00bb#FFFFFF\u00bb link_text_color=\u00bb#FFFFFF\u00bb custom_margin=\u00bb||10px||false|false\u00bb link_option_url=\u00bbhttps:\/\/maufl.edu\/es\/notas-de-prensa-y-alertas\/\u00bb global_colors_info=\u00bb{}\u00bb]<\/p>\n<p>Noticias y alertas<\/p>\n<p>[\/et_pb_text][et_pb_text _builder_version=\u00bb4.27.5&#8243; _module_preset=\u00bbdefault\u00bb text_text_color=\u00bb#FFFFFF\u00bb link_text_color=\u00bb#FFFFFF\u00bb custom_margin=\u00bb||10px||false|false\u00bb link_option_url=\u00bbhttps:\/\/maufl.edu\/es\/blog-de-guacamayos\/\u00bb global_colors_info=\u00bb{}\u00bb]<\/p>\n<p>Blog de MACAWS<\/p>\n<p>[\/et_pb_text][et_pb_text _builder_version=\u00bb4.27.5&#8243; _dynamic_attributes=\u00bblink_option_url\u00bb _module_preset=\u00bbdefault\u00bb text_text_color=\u00bb#FFFFFF\u00bb link_text_color=\u00bb#FFFFFF\u00bb custom_margin=\u00bb||40px||false|false\u00bb link_option_url=\u00bb@ET-DC@eyJkeW5hbWljIjp0cnVlLCJjb250ZW50IjoicG9zdF9saW5rX3VybF9wYWdlIiwic2V0dGluZ3MiOnsicG9zdF9pZCI6IjUwMDA2NCJ9fQ==@\u00bb global_colors_info=\u00bb{}\u00bb]<\/p>\n<p>Cont\u00e1ctenos<\/p>\n<p>[\/et_pb_text][et_pb_text _builder_version=\u00bb4.27.4&#8243; _module_preset=\u00bb855337e7-3a50-43d0-8885-895a03dd2869&#8243; header_4_font=\u00bb|600|||||||\u00bb header_4_text_color=\u00bb#FFFFFF\u00bb custom_margin=\u00bb10px||10px||true|false\u00bb custom_padding=\u00bb20px||||false|false\u00bb border_color_all=\u00bbrgba(255,255,255,0.2)\u00bb border_width_top=\u00bb1px\u00bb locked=\u00bboff\u00bb global_colors_info=\u00bb{}\u00bb]<\/p>\n<h4>Admisiones<\/h4>\n<p>[\/et_pb_text][et_pb_text _builder_version=\u00bb4.27.5&#8243; _module_preset=\u00bbdefault\u00bb text_text_color=\u00bb#FFFFFF\u00bb link_text_color=\u00bb#FFFFFF\u00bb custom_margin=\u00bb||10px||false|false\u00bb link_option_url=\u00bbhttps:\/\/maufl.edu\/es\/solicitud-de-admision-de-la-mau\/\u00bb global_colors_info=\u00bb{}\u00bb]<\/p>\n<p>Admisiones locales<\/p>\n<p>[\/et_pb_text][et_pb_text _builder_version=\u00bb4.27.5&#8243; _module_preset=\u00bbdefault\u00bb text_text_color=\u00bb#FFFFFF\u00bb link_text_color=\u00bb#FFFFFF\u00bb custom_margin=\u00bb||10px||false|false\u00bb link_option_url=\u00bbhttps:\/\/maufl.edu\/es\/estudiantes-internacionales\/\u00bb global_colors_info=\u00bb{}\u00bb]<\/p>\n<p>Estudiantes internacionales<\/p>\n<p>[\/et_pb_text][et_pb_text _builder_version=\u00bb4.27.5&#8243; _module_preset=\u00bbdefault\u00bb text_text_color=\u00bb#FFFFFF\u00bb link_text_color=\u00bb#FFFFFF\u00bb custom_margin=\u00bb||10px||false|false\u00bb link_option_url=\u00bbhttps:\/\/maufl.edu\/es\/admisiones-en-linea-de-mau\/\u00bb global_colors_info=\u00bb{}\u00bb]<\/p>\n<p>Admisiones online<\/p>\n<p>[\/et_pb_text][et_pb_text _builder_version=\u00bb4.27.5&#8243; _module_preset=\u00bbdefault\u00bb text_text_color=\u00bb#FFFFFF\u00bb link_text_color=\u00bb#FFFFFF\u00bb custom_margin=\u00bb||10px||false|false\u00bb link_option_url=\u00bbhttps:\/\/maufl.edu\/es\/informacion-sobre-becas\/\u00bb global_colors_info=\u00bb{}\u00bb]<\/p>\n<p>Becas<\/p>\n<p>[\/et_pb_text][et_pb_text _builder_version=\u00bb4.27.5&#8243; _module_preset=\u00bbdefault\u00bb text_text_color=\u00bb#FFFFFF\u00bb link_text_color=\u00bb#FFFFFF\u00bb custom_margin=\u00bb||10px||false|false\u00bb link_option_url=\u00bbhttps:\/\/maufl.edu\/es\/ayuda-financiera\/\u00bb global_colors_info=\u00bb{}\u00bb]<\/p>\n<p>Ayuda financiera<\/p>\n<p>[\/et_pb_text][\/et_pb_column][et_pb_column type=\u00bb1_3&#8243; _builder_version=\u00bb4.19.1&#8243; _module_preset=\u00bbdefault\u00bb global_colors_info=\u00bb{}\u00bb][et_pb_text _builder_version=\u00bb4.27.4&#8243; _module_preset=\u00bb855337e7-3a50-43d0-8885-895a03dd2869&#8243; header_4_font=\u00bb|600|||||||\u00bb header_4_text_color=\u00bb#FFFFFF\u00bb custom_margin=\u00bb10px||10px||true|false\u00bb custom_padding=\u00bb20px||||false|false\u00bb border_color_all=\u00bbrgba(255,255,255,0.2)\u00bb border_width_top=\u00bb1px\u00bb global_colors_info=\u00bb{}\u00bb]<\/p>\n<h4>Trayectorias profesionales<\/h4>\n<p>[\/et_pb_text][et_pb_text _builder_version=\u00bb4.27.5&#8243; _module_preset=\u00bbdefault\u00bb text_text_color=\u00bb#FFFFFF\u00bb link_text_color=\u00bb#FFFFFF\u00bb custom_margin=\u00bb||10px||false|false\u00bb link_option_url=\u00bbhttps:\/\/maufl.edu\/es\/administracion-de-empresas\/\u00bb locked=\u00bboff\u00bb global_colors_info=\u00bb{}\u00bb]<\/p>\n<p>Administraci\u00f3n de Empresas<\/p>\n<p>[\/et_pb_text][et_pb_text _builder_version=\u00bb4.27.5&#8243; _module_preset=\u00bbdefault\u00bb text_text_color=\u00bb#FFFFFF\u00bb link_text_color=\u00bb#FFFFFF\u00bb custom_margin=\u00bb||10px||false|false\u00bb link_option_url=\u00bbhttps:\/\/maufl.edu\/es\/gestion-internacional\/\u00bb locked=\u00bboff\u00bb global_colors_info=\u00bb{}\u00bb]<\/p>\n<p>Gesti\u00f3n Internacional<\/p>\n<p>[\/et_pb_text][et_pb_text _builder_version=\u00bb4.27.5&#8243; _module_preset=\u00bbdefault\u00bb text_text_color=\u00bb#FFFFFF\u00bb link_text_color=\u00bb#FFFFFF\u00bb custom_margin=\u00bb||10px||false|false\u00bb link_option_url=\u00bbhttps:\/\/maufl.edu\/es\/recursos-humanos\/\u00bb locked=\u00bboff\u00bb global_colors_info=\u00bb{}\u00bb]<\/p>\n<p>Recursos Humanos<\/p>\n<p>[\/et_pb_text][et_pb_text _builder_version=\u00bb4.27.5&#8243; _module_preset=\u00bbdefault\u00bb text_text_color=\u00bb#FFFFFF\u00bb link_text_color=\u00bb#FFFFFF\u00bb custom_margin=\u00bb||40px||false|false\u00bb link_option_url=\u00bbhttps:\/\/maufl.edu\/es\/escuela-de-emprendimiento\/\u00bb locked=\u00bboff\u00bb global_colors_info=\u00bb{}\u00bb]<\/p>\n<p>Emprendimiento<\/p>\n<p>[\/et_pb_text][et_pb_text _builder_version=\u00bb4.27.4&#8243; _module_preset=\u00bb855337e7-3a50-43d0-8885-895a03dd2869&#8243; header_4_font=\u00bb|600|||||||\u00bb header_4_text_color=\u00bb#FFFFFF\u00bb custom_margin=\u00bb10px||10px||true|false\u00bb custom_padding=\u00bb20px||||false|false\u00bb border_color_all=\u00bbrgba(255,255,255,0.2)\u00bb border_width_top=\u00bb1px\u00bb locked=\u00bboff\u00bb global_colors_info=\u00bb{}\u00bb]<\/p>\n<h4>Recursos<\/h4>\n<p>[\/et_pb_text][et_pb_text _builder_version=\u00bb4.27.5&#8243; _module_preset=\u00bbdefault\u00bb text_text_color=\u00bb#FFFFFF\u00bb link_text_color=\u00bb#FFFFFF\u00bb custom_margin=\u00bb||10px||false|false\u00bb link_option_url=\u00bbhttps:\/\/maufl.edu\/wp-content\/uploads\/2026\/02\/mau-academic-calendar.pdf\u00bb link_option_url_new_window=\u00bbon\u00bb locked=\u00bboff\u00bb global_colors_info=\u00bb{}\u00bb]<\/p>\n<p>Calendario acad\u00e9mico<\/p>\n<p>[\/et_pb_text][et_pb_text _builder_version=\u00bb4.27.6&#8243; _module_preset=\u00bbdefault\u00bb text_text_color=\u00bb#FFFFFF\u00bb link_text_color=\u00bb#FFFFFF\u00bb custom_margin=\u00bb||10px||false|false\u00bb link_option_url=\u00bbhttps:\/\/maufl.edu\/es\/nido-virtual\/\u00bb global_colors_info=\u00bb{}\u00bb]<\/p>\n<p>Virtual Nest<\/p>\n<p>[\/et_pb_text][et_pb_text _builder_version=\u00bb4.27.5&#8243; _module_preset=\u00bbdefault\u00bb text_text_color=\u00bb#FFFFFF\u00bb link_text_color=\u00bb#FFFFFF\u00bb custom_margin=\u00bb||10px||false|false\u00bb link_option_url=\u00bbhttps:\/\/maufl.edu\/es\/acreditacion\/\u00bb locked=\u00bboff\u00bb global_colors_info=\u00bb{}\u00bb]<\/p>\n<p>Acreditaci\u00f3n<\/p>\n<p>[\/et_pb_text][et_pb_text _builder_version=\u00bb4.27.6&#8243; _module_preset=\u00bbdefault\u00bb text_text_color=\u00bb#FFFFFF\u00bb link_text_color=\u00bb#FFFFFF\u00bb custom_margin=\u00bb||10px||false|false\u00bb link_option_url=\u00bbhttps:\/\/maufl.edu\/payments\u00bb link_option_url_new_window=\u00bbon\u00bb locked=\u00bboff\u00bb global_colors_info=\u00bb{}\u00bb]<\/p>\n<p>Realizar un pago<\/p>\n<p>[\/et_pb_text][et_pb_text _builder_version=\u00bb4.27.6&#8243; _module_preset=\u00bbdefault\u00bb text_text_color=\u00bb#FFFFFF\u00bb link_text_color=\u00bb#FFFFFF\u00bb custom_margin=\u00bb||10px||false|false\u00bb link_option_url=\u00bbhttps:\/\/maufl.edu\/wp-content\/uploads\/2026\/03\/MAU-Catalog-Volume-16-No-4-2025-2026-updated-December-15-2025.pdf\u00bb link_option_url_new_window=\u00bbon\u00bb locked=\u00bboff\u00bb global_colors_info=\u00bb{}\u00bb]<\/p>\n<p>Cat\u00e1logo<\/p>\n<p>[\/et_pb_text][et_pb_text _builder_version=\u00bb4.27.5&#8243; _module_preset=\u00bbdefault\u00bb text_text_color=\u00bb#FFFFFF\u00bb link_text_color=\u00bb#FFFFFF\u00bb custom_margin=\u00bb||10px||false|false\u00bb link_option_url=\u00bbhttps:\/\/maufl.edu\/es\/informacion-al-consumidor-para-estudiantes\/\u00bb locked=\u00bboff\u00bb global_colors_info=\u00bb{}\u00bb]<\/p>\n<p>Informaci\u00f3n al consumidor estudiantil<\/p>\n<p>[\/et_pb_text][et_pb_text _builder_version=\u00bb4.27.5&#8243; _module_preset=\u00bbdefault\u00bb text_text_color=\u00bb#FFFFFF\u00bb link_text_color=\u00bb#FFFFFF\u00bb custom_margin=\u00bb||10px||false|false\u00bb link_option_url=\u00bbhttps:\/\/outlook.office365.com\/mail\/\u00bb link_option_url_new_window=\u00bbon\u00bb locked=\u00bboff\u00bb global_colors_info=\u00bb{}\u00bb]<\/p>\n<p>Correo electr\u00f3nico del personal<\/p>\n<p>[\/et_pb_text][et_pb_text _builder_version=\u00bb4.27.5&#8243; _module_preset=\u00bbdefault\u00bb text_text_color=\u00bb#FFFFFF\u00bb link_text_color=\u00bb#FFFFFF\u00bb custom_margin=\u00bb||10px||false|false\u00bb link_option_url=\u00bbhttps:\/\/maufl.edu\/es\/politica-de-privacidad\/\u00bb locked=\u00bboff\u00bb global_colors_info=\u00bb{}\u00bb]<\/p>\n<p>Pol\u00edtica de privacidad<\/p>\n<p>[\/et_pb_text][\/et_pb_column][\/et_pb_row][\/et_pb_section]<\/p>\n","protected":false},"excerpt":{"rendered":"<p>Asociado en Ciencias en Administraci\u00f3n de Empresas<div class=\"et_pb_module dsm_breadcrumbs dsm_breadcrumbs_0\">\n\t\t\t\t\n\t\t\t\t\n\t\t\t\t\n\t\t\t\t\n\t\t\t\t\n\t\t\t\t\n\t\t\t\t<div class=\"et_pb_module_inner\">\n\t\t\t\t\t<nav class=\"dsm_breadcrumbs_wrap\" role=\"navigation\" itemscope=\"\" itemtype=\"http:\/\/schema.org\/SiteNavigationElement\">\n\t\t\t\t<ul class=\"dsm_breadcrumbs\">\n\t\t\t<li class='dsm_breadcrumbs_item dsm_home_item dsm_home_item_custom'>\n\t\t\t\t<a href=\"https:\/\/maufl.edu\/es\/\" itemprop=\"url\">\n\t\t\t\t\t<span class='dsm_home_text_wrapper'>\n\t\t\t\t\t\t\t\t\t\t\t\t\t<span class=\"et-pb-icon dsm_home_icon\">\ue009<\/span>\n\t\t\t\t\t\t\t\t\t\t\t\t\t<span class=\"dsm_home_text\" itemprop=\"name\">\n\t\t\t\t\t\t\t\tHome\t\t\t\t\t\t\t<\/span>\n\t\t\t\t\t<\/span>\n\t\t\t\t<\/a>\n\t\t\t<\/li>\n\n\t\t<\/ul>\n\t\t\t<\/nav>\n\t\t\t\t<\/div>\n\t\t\t<\/div>Descripci\u00f3n general del programa El Grado de Asociado en Ciencias en Administraci\u00f3n de Empresas (ASBA) es un programa de 60 cr\u00e9ditos que combina una formaci\u00f3n general de amplia base (24 cr\u00e9ditos) con un n\u00facleo empresarial espec\u00edfico [&hellip;]<\/p>\n","protected":false},"author":1,"featured_media":0,"parent":1005433,"menu_order":0,"comment_status":"closed","ping_status":"closed","template":"","meta":{"_et_pb_use_builder":"on","_et_pb_old_content":"","_et_gb_content_width":"","_mc_calendar":[],"footnotes":""},"class_list":["post-1005564","page","type-page","status-publish","hentry"],"_links":{"self":[{"href":"https:\/\/maufl.edu\/es\/wp-json\/wp\/v2\/pages\/1005564","targetHints":{"allow":["GET"]}}],"collection":[{"href":"https:\/\/maufl.edu\/es\/wp-json\/wp\/v2\/pages"}],"about":[{"href":"https:\/\/maufl.edu\/es\/wp-json\/wp\/v2\/types\/page"}],"author":[{"embeddable":true,"href":"https:\/\/maufl.edu\/es\/wp-json\/wp\/v2\/users\/1"}],"replies":[{"embeddable":true,"href":"https:\/\/maufl.edu\/es\/wp-json\/wp\/v2\/comments?post=1005564"}],"version-history":[{"count":5,"href":"https:\/\/maufl.edu\/es\/wp-json\/wp\/v2\/pages\/1005564\/revisions"}],"predecessor-version":[{"id":1006985,"href":"https:\/\/maufl.edu\/es\/wp-json\/wp\/v2\/pages\/1005564\/revisions\/1006985"}],"up":[{"embeddable":true,"href":"https:\/\/maufl.edu\/es\/wp-json\/wp\/v2\/pages\/1005433"}],"wp:attachment":[{"href":"https:\/\/maufl.edu\/es\/wp-json\/wp\/v2\/media?parent=1005564"}],"curies":[{"name":"wp","href":"https:\/\/api.w.org\/{rel}","templated":true}]}}